{"id":179,"date":"2011-08-09T09:20:36","date_gmt":"2011-08-09T09:20:36","guid":{"rendered":"http:\/\/www.bellevuechen.de\/\/?page_id=179"},"modified":"2012-03-25T22:26:38","modified_gmt":"2012-03-25T22:26:38","slug":"the-restaurant","status":"publish","type":"page","link":"https:\/\/www.bellevuechen.de\/?page_id=179","title":{"rendered":"Restaurant"},"content":{"rendered":"<table width=\"100%\" border=\"0\" cellspacing=\"0\" cellpadding=\"10\">\n<tbody>\n<tr>\n<th colspan=\"3\">\n<h1>Restaurant<\/h1>\n<\/th>\n<\/tr>\n<tr>\n<td valign=\"top\"><img loading=\"lazy\" decoding=\"async\" class=\"alignnone size-full wp-image-518\" title=\"restaurant2\" src=\"https:\/\/www.bellevuechen.de\/wp-content\/uploads\/2011\/08\/restaurant2.jpg\" alt=\"\" width=\"300\" height=\"179\" srcset=\"https:\/\/www.bellevuechen.de\/wp-content\/uploads\/2011\/08\/restaurant2.jpg 300w, https:\/\/www.bellevuechen.de\/wp-content\/uploads\/2011\/08\/restaurant2-200x120.jpg 200w\" sizes=\"auto, (max-width: 300px) 100vw, 300px\" \/><\/td>\n<td valign=\"top\">Warmes Kerzenlicht,\u00a0 eine liebevolle Dekoration und ein einmaliger Blick auf das wundersch\u00f6ne Rheinpanorama \u2013 in dieser heimeligen, intimen Atmosph\u00e4re k\u00f6nnen Sie so richtig genie\u00dfen, es sich einfach gut gehen lassen.<br \/>\nDas Restaurant bietet Platz f\u00fcr 20-25 G\u00e4ste.<\/td>\n<td valign=\"top\"><img loading=\"lazy\" decoding=\"async\" class=\"alignnone size-full wp-image-517\" title=\"restaurant1\" src=\"https:\/\/www.bellevuechen.de\/wp-content\/uploads\/2011\/08\/restaurant11.jpg\" alt=\"\" width=\"300\" height=\"179\" srcset=\"https:\/\/www.bellevuechen.de\/wp-content\/uploads\/2011\/08\/restaurant11.jpg 300w, https:\/\/www.bellevuechen.de\/wp-content\/uploads\/2011\/08\/restaurant11-200x120.jpg 200w\" sizes=\"auto, (max-width: 300px) 100vw, 300px\" \/><\/td>\n<\/tr>\n<tr>\n<th colspan=\"3\">\n<h1>Terrasse<\/h1>\n<\/th>\n<\/tr>\n<tr>\n<td valign=\"top\"><img loading=\"lazy\" decoding=\"async\" class=\"alignnone size-full wp-image-519\" title=\"terasse2\" src=\"https:\/\/www.bellevuechen.de\/wp-content\/uploads\/2011\/08\/terasse2.jpg\" alt=\"\" width=\"300\" height=\"179\" srcset=\"https:\/\/www.bellevuechen.de\/wp-content\/uploads\/2011\/08\/terasse2.jpg 300w, https:\/\/www.bellevuechen.de\/wp-content\/uploads\/2011\/08\/terasse2-200x120.jpg 200w\" sizes=\"auto, (max-width: 300px) 100vw, 300px\" \/><\/td>\n<td valign=\"top\">Unsere Gartenterrasse ist in zwei Ebenen unterteilt und \u00f6ffnet mit den ersten Sonnenstrahlen des Fr\u00fchjahres.<br \/>\nSie sitzen unmittelbar am Ufer des Rheins unter einer wunderbaren, alten und knorrigen Esskastanie, die an hei\u00dfen Tagen ihren\u00a0 angenehmen Schatten spendet.<br \/>\nDie Terrasse bietet Platz f\u00fcr ca. 60 G\u00e4ste.<\/td>\n<td valign=\"top\"><img loading=\"lazy\" decoding=\"async\" class=\"alignnone size-full wp-image-520\" title=\"terasse1\" src=\"https:\/\/www.bellevuechen.de\/wp-content\/uploads\/2011\/08\/terasse12.jpg\" alt=\"\" width=\"300\" height=\"179\" srcset=\"https:\/\/www.bellevuechen.de\/wp-content\/uploads\/2011\/08\/terasse12.jpg 300w, https:\/\/www.bellevuechen.de\/wp-content\/uploads\/2011\/08\/terasse12-200x120.jpg 200w\" sizes=\"auto, (max-width: 300px) 100vw, 300px\" \/><\/td>\n<\/tr>\n<tr>\n<th colspan=\"3\">\n<h1>Pavillon<\/h1>\n<\/th>\n<\/tr>\n<tr>\n<td valign=\"top\"><a href=\"https:\/\/www.bellevuechen.de\/wp-content\/uploads\/2011\/08\/glaspavilon11.jpg\"><img loading=\"lazy\" decoding=\"async\" class=\"alignnone\" title=\"glaspavilon1\" src=\"https:\/\/www.bellevuechen.de\/wp-content\/uploads\/2011\/08\/glaspavilon11.jpg\" alt=\"\" width=\"300\" height=\"179\" \/><\/a><\/td>\n<td valign=\"top\">Ein lichtdurchfluteter, nostalgischer Pavillon aus der Jahrhundertwende, der so nah am Wasser gebaut ist, dass Sie sich fast die F\u00fc\u00dfe na\u00dfmachen k\u00f6nnen.Ob Sie in kleiner oder auch gro\u00dfer Runde feiern m\u00f6chten &#8211; dieser romantische Ort im mediterranen Stil ist ganzj\u00e4hrig f\u00fcr Feste jeder Art geeignet.<br \/>\nMusikdarbietungen und Vorf\u00fchrungen sind nach Absprache m\u00f6glich.Der Pavillon bietet Platz f\u00fcr 65-70 G\u00e4ste<\/td>\n<td valign=\"top\"><a href=\"https:\/\/www.bellevuechen.de\/wp-content\/uploads\/2011\/08\/glaspavilon11.jpg\"><img loading=\"lazy\" decoding=\"async\" class=\"alignnone\" title=\"glaspavilon2\" src=\"https:\/\/www.bellevuechen.de\/wp-content\/uploads\/2011\/08\/glaspavilon21.jpg\" alt=\"\" width=\"300\" height=\"179\" \/><\/a><\/td>\n<\/tr>\n<\/tbody>\n<\/table>\n","protected":false},"excerpt":{"rendered":"<p>Restaurant Warmes Kerzenlicht,\u00a0 eine liebevolle Dekoration und ein einmaliger Blick auf das wundersch\u00f6ne Rheinpanorama \u2013 in dieser heimeligen, intimen Atmosph\u00e4re k\u00f6nnen Sie so richtig genie\u00dfen, es sich einfach gut gehen lassen. Das Restaurant bietet Platz f\u00fcr 20-25 G\u00e4ste. Terrasse Unsere Gartenterrasse ist in zwei Ebenen unterteilt und \u00f6ffnet mit den ersten Sonnenstrahlen des Fr\u00fchjahres. Sie&nbsp;<a href=\"https:\/\/www.bellevuechen.de\/?page_id=179\" class=\"read-more\">Continue Reading<\/a><\/p>\n","protected":false},"author":4,"featured_media":0,"parent":0,"menu_order":0,"comment_status":"open","ping_status":"open","template":"page-fullwidth.php","meta":{"footnotes":""},"class_list":["post-179","page","type-page","status-publish","hentry"],"_links":{"self":[{"href":"https:\/\/www.bellevuechen.de\/index.php?rest_route=\/wp\/v2\/pages\/179","targetHints":{"allow":["GET"]}}],"collection":[{"href":"https:\/\/www.bellevuechen.de\/index.php?rest_route=\/wp\/v2\/pages"}],"about":[{"href":"https:\/\/www.bellevuechen.de\/index.php?rest_route=\/wp\/v2\/types\/page"}],"author":[{"embeddable":true,"href":"https:\/\/www.bellevuechen.de\/index.php?rest_route=\/wp\/v2\/users\/4"}],"replies":[{"embeddable":true,"href":"https:\/\/www.bellevuechen.de\/index.php?rest_route=%2Fwp%2Fv2%2Fcomments&post=179"}],"version-history":[{"count":75,"href":"https:\/\/www.bellevuechen.de\/index.php?rest_route=\/wp\/v2\/pages\/179\/revisions"}],"predecessor-version":[{"id":570,"href":"https:\/\/www.bellevuechen.de\/index.php?rest_route=\/wp\/v2\/pages\/179\/revisions\/570"}],"wp:attachment":[{"href":"https:\/\/www.bellevuechen.de\/index.php?rest_route=%2Fwp%2Fv2%2Fmedia&parent=179"}],"curies":[{"name":"wp","href":"https:\/\/api.w.org\/{rel}","templated":true}]}}